{"id":16,"date":"2017-02-20T15:02:12","date_gmt":"2017-02-20T14:02:12","guid":{"rendered":"http:\/\/romain-seumois-ebenisterie.fr\/?page_id=16"},"modified":"2025-02-20T10:19:52","modified_gmt":"2025-02-20T09:19:52","slug":"romain-seumois-ebenisterie-dart","status":"publish","type":"page","link":"https:\/\/romain-seumois-ebenisterie.fr\/","title":{"rendered":"Romain Seumois \u00c9b\u00e9nisterie d&rsquo;Art"},"content":{"rendered":"<div id=\"pl-16\"  class=\"panel-layout\" ><div id=\"pg-16-0\"  class=\"panel-grid panel-has-style\" ><div style=\"padding: 0px 0; \" data-overlay=\"true\" data-overlay-color=\"#000000\" class=\"panel-row-style panel-row-style-for-16-0\" ><div id=\"pgc-16-0-0\"  class=\"panel-grid-cell\" ><div id=\"panel-16-0-0-0\" class=\"so-panel widget widget_text panel-first-child panel-last-child\" data-index=\"0\" ><div class=\"Presentation_Romain panel-widget-style panel-widget-style-for-16-0-0-0\" style=\"text-align: left;\" data-title-color=\"#443f3f\" data-headings-color=\"#443f3f\" >\t\t\t<div class=\"textwidget\"><p align=\"center\">Romain Seumois, \u00e9b\u00e9niste depuis plusieurs ann\u00e9es, ayant travaill\u00e9 9 ans dans une des plus grandes \u00e9b\u00e9nisterie de Versailles, vous accueille aujourd'hui dans son propre atelier Romain Seumois \u00c9b\u00e9nisterie d'Art et vous propose ses services de <strong>restauration<\/strong> de meubles et si\u00e8ges du XVIIe au XXe si\u00e8cle dans le plus grand respect de la tradition : <strong>marqueteries<\/strong>, techniques de <strong>vernis au tampon<\/strong>, <strong>cires<\/strong> et remplis cir\u00e9s, utilisation de produits nobles tels que colle de poisson, de nerfs, d\u2019os, vernis gomme laque. L'atelier, situ\u00e9 \u00e0 Saint C\u00f4me de Fresn\u00e9 dans le Calvados, \u00e0 seulement 10 min de Bayeux, vous accueille du lundi au vendredi, ou sur rendez-vous.<\/p>\n<p align=\"center\">Contactez-nous pour toute demande, d\u00e9placement possible et devis gratuits.<br \/>\n\u00c0 tr\u00e8s bient\u00f4t chez Romain Seumois Eb\u00e9nisterie d'Art<\/p>\n<\/div>\n\t\t<\/div><\/div><\/div><\/div><\/div><div id=\"pg-16-1\"  class=\"panel-grid panel-has-style\" ><div style=\"padding: 100px 0; \" data-overlay=\"true\" class=\"panel-row-style panel-row-style-for-16-1\" ><div id=\"pgc-16-1-0\"  class=\"panel-grid-cell\" ><div id=\"panel-16-1-0-0\" class=\"so-panel widget widget_sydney_services_type_a sydney_services_widget panel-first-child panel-last-child\" data-index=\"1\" ><div style=\"text-align: left;\" data-title-color=\"#443f3f\" data-headings-color=\"#443f3f\" class=\"panel-widget-style panel-widget-style-for-16-1-0-0\" >\t\t\t\r\n\t\t\t\t\t\t\t\t\t\t\t\t\t\t\t\t\t\t\t\t\t\t\t\t\t\t\t\t\t<div class=\"service col-md-4\">\r\n\t\t\t\t\t\t\t\t\t\t\t\t\t<div class=\"roll-icon-box\">\r\n\t\t\t\t\t\t\t\t\t\t\t\t\t\t\t\t<div class=\"content\">\r\n\t\t\t\t\t\t\t\t\t<h3>\r\n\t\t\t\t\t\t\t\t\t\t\t\t\t\t\t\t\t\t\t\t\t<a href=\"http:\/\/romain-seumois-ebenisterie.fr\/index.php\/latelier\">L&rsquo;Atelier<\/a>\r\n\t\t\t\t\t\t\t\t\t\t\t\t\t\t\t\t\t\t\t<\/h3>\r\n\t\t\t\t\t\t\t\t\t\t\t\t\t\t\t\t\t\r\n\t\t\t\t\t\t\t\t\t\t<p><a href=\"http:\/\/romain-seumois-ebenisterie.fr\/index.php\/latelier\"><img loading=\"lazy\" class=\"alignnone wp-image-321 size-medium\" src=\"http:\/\/romain-seumois-ebenisterie.fr\/wp-content\/uploads\/2017\/03\/IMG_20170319_150242-300x225.jpg\" alt=\"atelier d'\u00e9b\u00e9nisterie\" width=\"300\" height=\"225\" srcset=\"https:\/\/romain-seumois-ebenisterie.fr\/wp-content\/uploads\/2017\/03\/IMG_20170319_150242-300x225.jpg 300w, https:\/\/romain-seumois-ebenisterie.fr\/wp-content\/uploads\/2017\/03\/IMG_20170319_150242-768x576.jpg 768w, https:\/\/romain-seumois-ebenisterie.fr\/wp-content\/uploads\/2017\/03\/IMG_20170319_150242-1024x768.jpg 1024w, https:\/\/romain-seumois-ebenisterie.fr\/wp-content\/uploads\/2017\/03\/IMG_20170319_150242-830x623.jpg 830w, https:\/\/romain-seumois-ebenisterie.fr\/wp-content\/uploads\/2017\/03\/IMG_20170319_150242-230x173.jpg 230w, https:\/\/romain-seumois-ebenisterie.fr\/wp-content\/uploads\/2017\/03\/IMG_20170319_150242-350x263.jpg 350w, https:\/\/romain-seumois-ebenisterie.fr\/wp-content\/uploads\/2017\/03\/IMG_20170319_150242-480x360.jpg 480w\" sizes=\"(max-width: 300px) 100vw, 300px\" \/><\/a><\/p>\n<p>&nbsp;<\/p>\n<p>L&rsquo;<strong>\u00e9b\u00e9nisterie<\/strong> est un\u00a0travail minutieux qui demande beaucoup de temps, de techniques, mais aussi un mat\u00e9riel ad\u00e9quat. D\u00e9couvrez dans cette rubrique les produits et les outils n\u00e9cessaires \u00e0 la bonne prise en charge de vos <strong>meubles anciens<\/strong>.<\/p>\n\t\t\t\t\t\t\t\t\t\t\t\t\t\t\t\t\t<\/div><!--.info-->\t\r\n\t\t\t\t\t\t\t<\/div>\r\n\t\t\t\t\t\t<\/div>\r\n\t\t\t\t\t\t\t\t\t\t\t\t\t\t\t\t\t\t\t\t\t\t\t\t\t\t\t\t\t<div class=\"service col-md-4\">\r\n\t\t\t\t\t\t\t\t\t\t\t\t\t<div class=\"roll-icon-box\">\r\n\t\t\t\t\t\t\t\t\t\t\t\t\t\t\t\t<div class=\"content\">\r\n\t\t\t\t\t\t\t\t\t<h3>\r\n\t\t\t\t\t\t\t\t\t\t\t\t\t\t\t\t\t\t\t\t\t<a href=\"http:\/\/romain-seumois-ebenisterie.fr\/index.php\/restauration\/\">Restauration<\/a>\r\n\t\t\t\t\t\t\t\t\t\t\t\t\t\t\t\t\t\t\t<\/h3>\r\n\t\t\t\t\t\t\t\t\t\t\t\t\t\t\t\t\t\r\n\t\t\t\t\t\t\t\t\t\t<p><a href=\"http:\/\/romain-seumois-ebenisterie.fr\/index.php\/restauration\"><img loading=\"lazy\" class=\"alignnone wp-image-160 size-medium\" src=\"http:\/\/romain-seumois-ebenisterie.fr\/wp-content\/uploads\/2017\/02\/logo-commode-louis-xv-300x225.png\" alt=\"Les restaurations de l'\u00e9b\u00e9nisterie\" width=\"300\" height=\"225\" srcset=\"https:\/\/romain-seumois-ebenisterie.fr\/wp-content\/uploads\/2017\/02\/logo-commode-louis-xv-300x225.png 300w, https:\/\/romain-seumois-ebenisterie.fr\/wp-content\/uploads\/2017\/02\/logo-commode-louis-xv-230x172.png 230w, https:\/\/romain-seumois-ebenisterie.fr\/wp-content\/uploads\/2017\/02\/logo-commode-louis-xv-350x262.png 350w, https:\/\/romain-seumois-ebenisterie.fr\/wp-content\/uploads\/2017\/02\/logo-commode-louis-xv.png 398w\" sizes=\"(max-width: 300px) 100vw, 300px\" \/><\/a><\/p>\n<p>&nbsp;<\/p>\n<p>Les <strong>meubles<\/strong> que vous nous confierez seront <strong>restaur\u00e9s<\/strong> avec soin dans notre atelier. Les techniques ancestrales utilis\u00e9es respectent le mobilier ancien et permettent un rendu authentique. Voici quelques exemples de meubles anciens restaur\u00e9s \u00e0 l&rsquo;atelier.<\/p>\n\t\t\t\t\t\t\t\t\t\t\t\t\t\t\t\t\t<\/div><!--.info-->\t\r\n\t\t\t\t\t\t\t<\/div>\r\n\t\t\t\t\t\t<\/div>\r\n\t\t\t\t\t\t\t\t\t\t\t\t\t\t\t\t\t\t\t\t\t\t\t\t\t\t\t\t\t<div class=\"service col-md-4\">\r\n\t\t\t\t\t\t\t\t\t\t\t\t\t<div class=\"roll-icon-box\">\r\n\t\t\t\t\t\t\t\t\t\t\t\t\t\t\t\t<div class=\"content\">\r\n\t\t\t\t\t\t\t\t\t<h3>\r\n\t\t\t\t\t\t\t\t\t\t\t\t\t\t\t\t\t\t\t\t\t<a href=\"http:\/\/romain-seumois-ebenisterie.fr\/index.php\/creations-originales\/\">Cr\u00e9ations Originales<\/a>\r\n\t\t\t\t\t\t\t\t\t\t\t\t\t\t\t\t\t\t\t<\/h3>\r\n\t\t\t\t\t\t\t\t\t\t\t\t\t\t\t\t\t\r\n\t\t\t\t\t\t\t\t\t\t<p><a href=\"http:\/\/romain-seumois-ebenisterie.fr\/index.php\/creations-originales\"><img loading=\"lazy\" class=\"alignnone wp-image-51 size-medium\" src=\"http:\/\/romain-seumois-ebenisterie.fr\/wp-content\/uploads\/2017\/02\/IMG_6539-300x225.jpg\" alt=\"Les cr\u00e9ations originales de l'\u00e9b\u00e9nisterie\" width=\"300\" height=\"225\" \/><\/a><\/p>\n<p>&nbsp;<\/p>\n<p>Les cr\u00e9ations de stylos expos\u00e9es ici sont r\u00e9alis\u00e9es avec diff\u00e9rentes essences de bois, de formes et de m\u00e9canismes, vous laissant ainsi le plaisir de choisir le mod\u00e8le qui vous ressemble. Ils sont tous r\u00e9alis\u00e9s \u00e0 la main au <strong>tour \u00e0 bois<\/strong>, avec une finition <strong>vernis au tampon<\/strong>.<\/p>\n\t\t\t\t\t\t\t\t\t\t\t\t\t\t\t\t\t<\/div><!--.info-->\t\r\n\t\t\t\t\t\t\t<\/div>\r\n\t\t\t\t\t\t<\/div>\r\n\t\t\t\t\t\r\n\t\t\t\t\t\t\t\t\r\n\t<\/div><\/div><\/div><\/div><\/div><\/div>","protected":false},"excerpt":{"rendered":"<p>Romain Seumois, \u00e9b\u00e9niste depuis plusieurs ann\u00e9es, ayant travaill\u00e9 9 ans dans une des plus grandes \u00e9b\u00e9nisterie de Versailles, vous accueille aujourd&rsquo;hui dans son propre atelier Romain Seumois \u00c9b\u00e9nisterie d&rsquo;Art et vous propose ses services de restauration de meubles et si\u00e8ges du XVIIe au XXe si\u00e8cle dans le plus grand respect de la tradition : marqueteries, [&hellip;]<\/p>\n","protected":false},"author":1,"featured_media":0,"parent":0,"menu_order":0,"comment_status":"closed","ping_status":"closed","template":"","meta":[],"yoast_head":"<!-- This site is optimized with the Yoast SEO plugin v18.4.1 - https:\/\/yoast.com\/wordpress\/plugins\/seo\/ -->\n<title>Romain Seumois \u00c9b\u00e9nisterie d&#039;Art - Restauration de meubles anciens<\/title>\n<meta name=\"description\" content=\"Cette \u00e9b\u00e9nisterie vous propose un service de qualit\u00e9 pour la restauration de vos meubles anciens : marqueterie, vernis au tampon, cires et remplis cir\u00e9s.\" \/>\n<meta name=\"robots\" content=\"index, follow, max-snippet:-1, max-image-preview:large, max-video-preview:-1\" \/>\n<link rel=\"canonical\" href=\"https:\/\/romain-seumois-ebenisterie.fr\/\" \/>\n<meta property=\"og:locale\" content=\"fr_FR\" \/>\n<meta property=\"og:type\" content=\"article\" \/>\n<meta property=\"og:title\" content=\"Romain Seumois \u00c9b\u00e9nisterie d&#039;Art - Restauration de meubles anciens\" \/>\n<meta property=\"og:description\" content=\"Cette \u00e9b\u00e9nisterie vous propose un service de qualit\u00e9 pour la restauration de vos meubles anciens : marqueterie, vernis au tampon, cires et remplis cir\u00e9s.\" \/>\n<meta property=\"og:url\" content=\"https:\/\/romain-seumois-ebenisterie.fr\/\" \/>\n<meta property=\"og:site_name\" content=\"Romain Seumois \u00c9b\u00e9nisterie d&#039;Art\" \/>\n<meta property=\"article:modified_time\" content=\"2025-02-20T09:19:52+00:00\" \/>\n<meta name=\"twitter:card\" content=\"summary\" \/>\n<meta name=\"twitter:label1\" content=\"Dur\u00e9e de lecture estim\u00e9e\" \/>\n\t<meta name=\"twitter:data1\" content=\"1 minute\" \/>\n<script type=\"application\/ld+json\" class=\"yoast-schema-graph\">{\"@context\":\"https:\/\/schema.org\",\"@graph\":[{\"@type\":\"WebSite\",\"@id\":\"https:\/\/romain-seumois-ebenisterie.fr\/#website\",\"url\":\"https:\/\/romain-seumois-ebenisterie.fr\/\",\"name\":\"Romain Seumois \u00c9b\u00e9nisterie d&#039;Art\",\"description\":\"Restauration de mobilier d&#039;Art\",\"potentialAction\":[{\"@type\":\"SearchAction\",\"target\":{\"@type\":\"EntryPoint\",\"urlTemplate\":\"https:\/\/romain-seumois-ebenisterie.fr\/?s={search_term_string}\"},\"query-input\":\"required name=search_term_string\"}],\"inLanguage\":\"fr-FR\"},{\"@type\":\"WebPage\",\"@id\":\"https:\/\/romain-seumois-ebenisterie.fr\/#webpage\",\"url\":\"https:\/\/romain-seumois-ebenisterie.fr\/\",\"name\":\"Romain Seumois \u00c9b\u00e9nisterie d'Art - Restauration de meubles anciens\",\"isPartOf\":{\"@id\":\"https:\/\/romain-seumois-ebenisterie.fr\/#website\"},\"datePublished\":\"2017-02-20T14:02:12+00:00\",\"dateModified\":\"2025-02-20T09:19:52+00:00\",\"description\":\"Cette \u00e9b\u00e9nisterie vous propose un service de qualit\u00e9 pour la restauration de vos meubles anciens : marqueterie, vernis au tampon, cires et remplis cir\u00e9s.\",\"breadcrumb\":{\"@id\":\"https:\/\/romain-seumois-ebenisterie.fr\/#breadcrumb\"},\"inLanguage\":\"fr-FR\",\"potentialAction\":[{\"@type\":\"ReadAction\",\"target\":[\"https:\/\/romain-seumois-ebenisterie.fr\/\"]}]},{\"@type\":\"BreadcrumbList\",\"@id\":\"https:\/\/romain-seumois-ebenisterie.fr\/#breadcrumb\",\"itemListElement\":[{\"@type\":\"ListItem\",\"position\":1,\"name\":\"Accueil\",\"item\":\"https:\/\/romain-seumois-ebenisterie.fr\/\"},{\"@type\":\"ListItem\",\"position\":2,\"name\":\"Romain Seumois \u00c9b\u00e9nisterie d&rsquo;Art\"}]}]}<\/script>\n<!-- \/ Yoast SEO plugin. -->","yoast_head_json":{"title":"Romain Seumois \u00c9b\u00e9nisterie d'Art - Restauration de meubles anciens","description":"Cette \u00e9b\u00e9nisterie vous propose un service de qualit\u00e9 pour la restauration de vos meubles anciens : marqueterie, vernis au tampon, cires et remplis cir\u00e9s.","robots":{"index":"index","follow":"follow","max-snippet":"max-snippet:-1","max-image-preview":"max-image-preview:large","max-video-preview":"max-video-preview:-1"},"canonical":"https:\/\/romain-seumois-ebenisterie.fr\/","og_locale":"fr_FR","og_type":"article","og_title":"Romain Seumois \u00c9b\u00e9nisterie d'Art - Restauration de meubles anciens","og_description":"Cette \u00e9b\u00e9nisterie vous propose un service de qualit\u00e9 pour la restauration de vos meubles anciens : marqueterie, vernis au tampon, cires et remplis cir\u00e9s.","og_url":"https:\/\/romain-seumois-ebenisterie.fr\/","og_site_name":"Romain Seumois \u00c9b\u00e9nisterie d&#039;Art","article_modified_time":"2025-02-20T09:19:52+00:00","twitter_card":"summary","twitter_misc":{"Dur\u00e9e de lecture estim\u00e9e":"1 minute"},"schema":{"@context":"https:\/\/schema.org","@graph":[{"@type":"WebSite","@id":"https:\/\/romain-seumois-ebenisterie.fr\/#website","url":"https:\/\/romain-seumois-ebenisterie.fr\/","name":"Romain Seumois \u00c9b\u00e9nisterie d&#039;Art","description":"Restauration de mobilier d&#039;Art","potentialAction":[{"@type":"SearchAction","target":{"@type":"EntryPoint","urlTemplate":"https:\/\/romain-seumois-ebenisterie.fr\/?s={search_term_string}"},"query-input":"required name=search_term_string"}],"inLanguage":"fr-FR"},{"@type":"WebPage","@id":"https:\/\/romain-seumois-ebenisterie.fr\/#webpage","url":"https:\/\/romain-seumois-ebenisterie.fr\/","name":"Romain Seumois \u00c9b\u00e9nisterie d'Art - Restauration de meubles anciens","isPartOf":{"@id":"https:\/\/romain-seumois-ebenisterie.fr\/#website"},"datePublished":"2017-02-20T14:02:12+00:00","dateModified":"2025-02-20T09:19:52+00:00","description":"Cette \u00e9b\u00e9nisterie vous propose un service de qualit\u00e9 pour la restauration de vos meubles anciens : marqueterie, vernis au tampon, cires et remplis cir\u00e9s.","breadcrumb":{"@id":"https:\/\/romain-seumois-ebenisterie.fr\/#breadcrumb"},"inLanguage":"fr-FR","potentialAction":[{"@type":"ReadAction","target":["https:\/\/romain-seumois-ebenisterie.fr\/"]}]},{"@type":"BreadcrumbList","@id":"https:\/\/romain-seumois-ebenisterie.fr\/#breadcrumb","itemListElement":[{"@type":"ListItem","position":1,"name":"Accueil","item":"https:\/\/romain-seumois-ebenisterie.fr\/"},{"@type":"ListItem","position":2,"name":"Romain Seumois \u00c9b\u00e9nisterie d&rsquo;Art"}]}]}},"_links":{"self":[{"href":"https:\/\/romain-seumois-ebenisterie.fr\/index.php\/wp-json\/wp\/v2\/pages\/16"}],"collection":[{"href":"https:\/\/romain-seumois-ebenisterie.fr\/index.php\/wp-json\/wp\/v2\/pages"}],"about":[{"href":"https:\/\/romain-seumois-ebenisterie.fr\/index.php\/wp-json\/wp\/v2\/types\/page"}],"author":[{"embeddable":true,"href":"https:\/\/romain-seumois-ebenisterie.fr\/index.php\/wp-json\/wp\/v2\/users\/1"}],"replies":[{"embeddable":true,"href":"https:\/\/romain-seumois-ebenisterie.fr\/index.php\/wp-json\/wp\/v2\/comments?post=16"}],"version-history":[{"count":42,"href":"https:\/\/romain-seumois-ebenisterie.fr\/index.php\/wp-json\/wp\/v2\/pages\/16\/revisions"}],"predecessor-version":[{"id":578,"href":"https:\/\/romain-seumois-ebenisterie.fr\/index.php\/wp-json\/wp\/v2\/pages\/16\/revisions\/578"}],"wp:attachment":[{"href":"https:\/\/romain-seumois-ebenisterie.fr\/index.php\/wp-json\/wp\/v2\/media?parent=16"}],"curies":[{"name":"wp","href":"https:\/\/api.w.org\/{rel}","templated":true}]}}