{"id":34,"date":"2017-02-20T15:20:24","date_gmt":"2017-02-20T14:20:24","guid":{"rendered":"http:\/\/romain-seumois-ebenisterie.fr\/?page_id=34"},"modified":"2017-03-22T18:45:40","modified_gmt":"2017-03-22T17:45:40","slug":"restauration","status":"publish","type":"page","link":"https:\/\/romain-seumois-ebenisterie.fr\/index.php\/restauration\/","title":{"rendered":"Restauration"},"content":{"rendered":"<div id=\"pl-34\"  class=\"panel-layout\" ><div id=\"pg-34-0\"  class=\"panel-grid panel-has-style\" ><div style=\"padding: 100px 0; \" data-overlay=\"true\" class=\"panel-row-style panel-row-style-for-34-0\" ><div id=\"pgc-34-0-0\"  class=\"panel-grid-cell\" ><div id=\"panel-34-0-0-0\" class=\"so-panel widget widget_text panel-first-child\" data-index=\"0\" ><div style=\"text-align: left;\" data-title-color=\"#443f3f\" data-headings-color=\"#443f3f\" class=\"panel-widget-style panel-widget-style-for-34-0-0-0\" >\t\t\t<div class=\"textwidget\">Dans cette rubrique, vous trouverez \u00e0 travers quelques photos, des exemples de travaux de restauration effectu\u00e9s dans notre atelier sur des meubles anciens de tous styles et toutes \u00e9poques.  Ainsi, vous visualiserez le meuble \u00e0 son arriv\u00e9e, le travail effectu\u00e9 dessus avec quelques explications sur les techniques utilis\u00e9es, et pour finir le rendu final du meuble lors de son retour chez le client. Pour toutes questions concernant les m\u00e9thodes employ\u00e9es, n'h\u00e9sitez pas \u00e0 nous en faire part dans la rubrique \"contactez-nous\".\n\n\n\n<\/div>\n\t\t<\/div><\/div><div id=\"panel-34-0-0-1\" class=\"so-panel widget widget_sydney_portfolio sydney_portfolio_widget panel-last-child\" data-index=\"1\" ><div style=\"text-align: left;\" data-title-color=\"#443f3f\" data-headings-color=\"#443f3f\" class=\"panel-widget-style panel-widget-style-for-34-0-0-1\" ><div class=\"project-wrap\"><div class=\"roll-project fullwidth\"><div class=\"isotope-container\" data-portfolio-effect=\"fadeInUp\"><div class=\"project-item item isotope-item restaurations \"><a class=\"project-pop-wrap\" href=\"https:\/\/romain-seumois-ebenisterie.fr\/index.php\/projects\/commode-louis-xv-transition-louis-xvi\/\"><div class=\"project-pop\"><\/div><div class=\"project-title-wrap\"><div class=\"project-title\"><span>Commode Louis XV transition Louis XVI<\/span><\/div><\/div><\/a><a href=\"https:\/\/romain-seumois-ebenisterie.fr\/index.php\/projects\/commode-louis-xv-transition-louis-xvi\/\"><img width=\"480\" height=\"850\" src=\"https:\/\/romain-seumois-ebenisterie.fr\/wp-content\/uploads\/2019\/05\/commode-480x850.jpg\" class=\"attachment-sydney-mas-thumb size-sydney-mas-thumb wp-post-image\" alt=\"\" loading=\"lazy\" srcset=\"https:\/\/romain-seumois-ebenisterie.fr\/wp-content\/uploads\/2019\/05\/commode-480x850.jpg 480w, https:\/\/romain-seumois-ebenisterie.fr\/wp-content\/uploads\/2019\/05\/commode-169x300.jpg 169w, https:\/\/romain-seumois-ebenisterie.fr\/wp-content\/uploads\/2019\/05\/commode-230x407.jpg 230w, https:\/\/romain-seumois-ebenisterie.fr\/wp-content\/uploads\/2019\/05\/commode-350x620.jpg 350w, https:\/\/romain-seumois-ebenisterie.fr\/wp-content\/uploads\/2019\/05\/commode.jpg 542w\" sizes=\"(max-width: 480px) 100vw, 480px\" \/><\/a><\/div><div class=\"project-item item isotope-item restaurations \"><a class=\"project-pop-wrap\" href=\"https:\/\/romain-seumois-ebenisterie.fr\/index.php\/projects\/commode-louis-xvi\/\"><div class=\"project-pop\"><\/div><div class=\"project-title-wrap\"><div class=\"project-title\"><span>Commode Louis XVI<\/span><\/div><\/div><\/a><a href=\"https:\/\/romain-seumois-ebenisterie.fr\/index.php\/projects\/commode-louis-xvi\/\"><img width=\"480\" height=\"360\" src=\"https:\/\/romain-seumois-ebenisterie.fr\/wp-content\/uploads\/2019\/05\/IMG_20190111_145503-480x360.jpg\" class=\"attachment-sydney-mas-thumb size-sydney-mas-thumb wp-post-image\" alt=\"\" loading=\"lazy\" srcset=\"https:\/\/romain-seumois-ebenisterie.fr\/wp-content\/uploads\/2019\/05\/IMG_20190111_145503-480x360.jpg 480w, https:\/\/romain-seumois-ebenisterie.fr\/wp-content\/uploads\/2019\/05\/IMG_20190111_145503-300x225.jpg 300w, https:\/\/romain-seumois-ebenisterie.fr\/wp-content\/uploads\/2019\/05\/IMG_20190111_145503-768x576.jpg 768w, https:\/\/romain-seumois-ebenisterie.fr\/wp-content\/uploads\/2019\/05\/IMG_20190111_145503-1024x768.jpg 1024w, https:\/\/romain-seumois-ebenisterie.fr\/wp-content\/uploads\/2019\/05\/IMG_20190111_145503-830x623.jpg 830w, https:\/\/romain-seumois-ebenisterie.fr\/wp-content\/uploads\/2019\/05\/IMG_20190111_145503-230x173.jpg 230w, https:\/\/romain-seumois-ebenisterie.fr\/wp-content\/uploads\/2019\/05\/IMG_20190111_145503-350x263.jpg 350w\" sizes=\"(max-width: 480px) 100vw, 480px\" \/><\/a><\/div><div class=\"project-item item isotope-item restaurations \"><a class=\"project-pop-wrap\" href=\"https:\/\/romain-seumois-ebenisterie.fr\/index.php\/projects\/table-de-changeur\/\"><div class=\"project-pop\"><\/div><div class=\"project-title-wrap\"><div class=\"project-title\"><span>Table de changeur<\/span><\/div><\/div><\/a><a href=\"https:\/\/romain-seumois-ebenisterie.fr\/index.php\/projects\/table-de-changeur\/\"><img width=\"480\" height=\"360\" src=\"https:\/\/romain-seumois-ebenisterie.fr\/wp-content\/uploads\/2019\/05\/IMG_20190404_160021-480x360.jpg\" class=\"attachment-sydney-mas-thumb size-sydney-mas-thumb wp-post-image\" alt=\"\" loading=\"lazy\" srcset=\"https:\/\/romain-seumois-ebenisterie.fr\/wp-content\/uploads\/2019\/05\/IMG_20190404_160021-480x360.jpg 480w, https:\/\/romain-seumois-ebenisterie.fr\/wp-content\/uploads\/2019\/05\/IMG_20190404_160021-300x225.jpg 300w, https:\/\/romain-seumois-ebenisterie.fr\/wp-content\/uploads\/2019\/05\/IMG_20190404_160021-768x576.jpg 768w, https:\/\/romain-seumois-ebenisterie.fr\/wp-content\/uploads\/2019\/05\/IMG_20190404_160021-1024x768.jpg 1024w, https:\/\/romain-seumois-ebenisterie.fr\/wp-content\/uploads\/2019\/05\/IMG_20190404_160021-830x623.jpg 830w, https:\/\/romain-seumois-ebenisterie.fr\/wp-content\/uploads\/2019\/05\/IMG_20190404_160021-230x173.jpg 230w, https:\/\/romain-seumois-ebenisterie.fr\/wp-content\/uploads\/2019\/05\/IMG_20190404_160021-350x263.jpg 350w\" sizes=\"(max-width: 480px) 100vw, 480px\" \/><\/a><\/div><div class=\"project-item item isotope-item restaurations \"><a class=\"project-pop-wrap\" href=\"https:\/\/romain-seumois-ebenisterie.fr\/index.php\/projects\/bureau-dos-dane\/\"><div class=\"project-pop\"><\/div><div class=\"project-title-wrap\"><div class=\"project-title\"><span>Bureau dos d&rsquo;\u00e2ne<\/span><\/div><\/div><\/a><a href=\"https:\/\/romain-seumois-ebenisterie.fr\/index.php\/projects\/bureau-dos-dane\/\"><img width=\"480\" height=\"360\" src=\"https:\/\/romain-seumois-ebenisterie.fr\/wp-content\/uploads\/2017\/03\/P03-11-09_12.54-480x360.jpg\" class=\"attachment-sydney-mas-thumb size-sydney-mas-thumb wp-post-image\" alt=\"Bureau dos-d&#039;\u00e2ne entete\" loading=\"lazy\" srcset=\"https:\/\/romain-seumois-ebenisterie.fr\/wp-content\/uploads\/2017\/03\/P03-11-09_12.54-480x360.jpg 480w, https:\/\/romain-seumois-ebenisterie.fr\/wp-content\/uploads\/2017\/03\/P03-11-09_12.54-300x225.jpg 300w, https:\/\/romain-seumois-ebenisterie.fr\/wp-content\/uploads\/2017\/03\/P03-11-09_12.54-768x576.jpg 768w, https:\/\/romain-seumois-ebenisterie.fr\/wp-content\/uploads\/2017\/03\/P03-11-09_12.54-1024x768.jpg 1024w, https:\/\/romain-seumois-ebenisterie.fr\/wp-content\/uploads\/2017\/03\/P03-11-09_12.54-830x623.jpg 830w, https:\/\/romain-seumois-ebenisterie.fr\/wp-content\/uploads\/2017\/03\/P03-11-09_12.54-230x173.jpg 230w, https:\/\/romain-seumois-ebenisterie.fr\/wp-content\/uploads\/2017\/03\/P03-11-09_12.54-350x263.jpg 350w, https:\/\/romain-seumois-ebenisterie.fr\/wp-content\/uploads\/2017\/03\/P03-11-09_12.54-e1489512697257.jpg 800w\" sizes=\"(max-width: 480px) 100vw, 480px\" \/><\/a><\/div><div class=\"project-item item isotope-item restaurations \"><a class=\"project-pop-wrap\" href=\"https:\/\/romain-seumois-ebenisterie.fr\/index.php\/projects\/console-louis-xvi\/\"><div class=\"project-pop\"><\/div><div class=\"project-title-wrap\"><div class=\"project-title\"><span>Console Louis XVI<\/span><\/div><\/div><\/a><a href=\"https:\/\/romain-seumois-ebenisterie.fr\/index.php\/projects\/console-louis-xvi\/\"><img width=\"480\" height=\"359\" src=\"https:\/\/romain-seumois-ebenisterie.fr\/wp-content\/uploads\/2017\/03\/IMG_2355-1-480x359.jpg\" class=\"attachment-sydney-mas-thumb size-sydney-mas-thumb wp-post-image\" alt=\"console louis XVI entete\" loading=\"lazy\" srcset=\"https:\/\/romain-seumois-ebenisterie.fr\/wp-content\/uploads\/2017\/03\/IMG_2355-1-480x359.jpg 480w, https:\/\/romain-seumois-ebenisterie.fr\/wp-content\/uploads\/2017\/03\/IMG_2355-1-300x224.jpg 300w, https:\/\/romain-seumois-ebenisterie.fr\/wp-content\/uploads\/2017\/03\/IMG_2355-1-768x574.jpg 768w, https:\/\/romain-seumois-ebenisterie.fr\/wp-content\/uploads\/2017\/03\/IMG_2355-1-1024x765.jpg 1024w, https:\/\/romain-seumois-ebenisterie.fr\/wp-content\/uploads\/2017\/03\/IMG_2355-1-830x620.jpg 830w, https:\/\/romain-seumois-ebenisterie.fr\/wp-content\/uploads\/2017\/03\/IMG_2355-1-230x172.jpg 230w, https:\/\/romain-seumois-ebenisterie.fr\/wp-content\/uploads\/2017\/03\/IMG_2355-1-350x261.jpg 350w, https:\/\/romain-seumois-ebenisterie.fr\/wp-content\/uploads\/2017\/03\/IMG_2355-1-e1489511592245.jpg 800w\" sizes=\"(max-width: 480px) 100vw, 480px\" \/><\/a><\/div><div class=\"project-item item isotope-item restaurations \"><a class=\"project-pop-wrap\" href=\"https:\/\/romain-seumois-ebenisterie.fr\/index.php\/projects\/miroir-napoleon-iii\/\"><div class=\"project-pop\"><\/div><div class=\"project-title-wrap\"><div class=\"project-title\"><span>Miroir Napol\u00e9on III<\/span><\/div><\/div><\/a><a href=\"https:\/\/romain-seumois-ebenisterie.fr\/index.php\/projects\/miroir-napoleon-iii\/\"><img width=\"480\" height=\"359\" src=\"https:\/\/romain-seumois-ebenisterie.fr\/wp-content\/uploads\/2017\/03\/IMG_1707-480x359.jpg\" class=\"attachment-sydney-mas-thumb size-sydney-mas-thumb wp-post-image\" alt=\"miroir napoleon3 entete\" loading=\"lazy\" srcset=\"https:\/\/romain-seumois-ebenisterie.fr\/wp-content\/uploads\/2017\/03\/IMG_1707-480x359.jpg 480w, https:\/\/romain-seumois-ebenisterie.fr\/wp-content\/uploads\/2017\/03\/IMG_1707-300x224.jpg 300w, https:\/\/romain-seumois-ebenisterie.fr\/wp-content\/uploads\/2017\/03\/IMG_1707-768x574.jpg 768w, https:\/\/romain-seumois-ebenisterie.fr\/wp-content\/uploads\/2017\/03\/IMG_1707-1024x765.jpg 1024w, https:\/\/romain-seumois-ebenisterie.fr\/wp-content\/uploads\/2017\/03\/IMG_1707-830x620.jpg 830w, https:\/\/romain-seumois-ebenisterie.fr\/wp-content\/uploads\/2017\/03\/IMG_1707-230x172.jpg 230w, https:\/\/romain-seumois-ebenisterie.fr\/wp-content\/uploads\/2017\/03\/IMG_1707-350x261.jpg 350w, https:\/\/romain-seumois-ebenisterie.fr\/wp-content\/uploads\/2017\/03\/IMG_1707-e1489509674485.jpg 800w\" sizes=\"(max-width: 480px) 100vw, 480px\" \/><\/a><\/div><div class=\"project-item item isotope-item restaurations \"><a class=\"project-pop-wrap\" href=\"https:\/\/romain-seumois-ebenisterie.fr\/index.php\/projects\/meuble-hollandais-2\/\"><div class=\"project-pop\"><\/div><div class=\"project-title-wrap\"><div class=\"project-title\"><span>Meuble Hollandais<\/span><\/div><\/div><\/a><a href=\"https:\/\/romain-seumois-ebenisterie.fr\/index.php\/projects\/meuble-hollandais-2\/\"><img width=\"480\" height=\"360\" src=\"https:\/\/romain-seumois-ebenisterie.fr\/wp-content\/uploads\/2017\/03\/IMG_5384-480x360.jpg\" class=\"attachment-sydney-mas-thumb size-sydney-mas-thumb wp-post-image\" alt=\"ENTETE Hollandais\" loading=\"lazy\" srcset=\"https:\/\/romain-seumois-ebenisterie.fr\/wp-content\/uploads\/2017\/03\/IMG_5384-480x360.jpg 480w, https:\/\/romain-seumois-ebenisterie.fr\/wp-content\/uploads\/2017\/03\/IMG_5384-300x225.jpg 300w, https:\/\/romain-seumois-ebenisterie.fr\/wp-content\/uploads\/2017\/03\/IMG_5384-768x576.jpg 768w, https:\/\/romain-seumois-ebenisterie.fr\/wp-content\/uploads\/2017\/03\/IMG_5384-1024x768.jpg 1024w, https:\/\/romain-seumois-ebenisterie.fr\/wp-content\/uploads\/2017\/03\/IMG_5384-830x623.jpg 830w, https:\/\/romain-seumois-ebenisterie.fr\/wp-content\/uploads\/2017\/03\/IMG_5384-230x173.jpg 230w, https:\/\/romain-seumois-ebenisterie.fr\/wp-content\/uploads\/2017\/03\/IMG_5384-350x263.jpg 350w, https:\/\/romain-seumois-ebenisterie.fr\/wp-content\/uploads\/2017\/03\/IMG_5384-e1489508037110.jpg 800w\" sizes=\"(max-width: 480px) 100vw, 480px\" \/><\/a><\/div><div class=\"project-item item isotope-item restaurations \"><a class=\"project-pop-wrap\" href=\"https:\/\/romain-seumois-ebenisterie.fr\/index.php\/projects\/commode-merisier\/\"><div class=\"project-pop\"><\/div><div class=\"project-title-wrap\"><div class=\"project-title\"><span>Commode Merisier<\/span><\/div><\/div><\/a><a href=\"https:\/\/romain-seumois-ebenisterie.fr\/index.php\/projects\/commode-merisier\/\"><img width=\"480\" height=\"360\" src=\"https:\/\/romain-seumois-ebenisterie.fr\/wp-content\/uploads\/2017\/02\/IMG_1652-480x360.jpg\" class=\"attachment-sydney-mas-thumb size-sydney-mas-thumb wp-post-image\" alt=\"commode meurisier\" loading=\"lazy\" srcset=\"https:\/\/romain-seumois-ebenisterie.fr\/wp-content\/uploads\/2017\/02\/IMG_1652-480x360.jpg 480w, https:\/\/romain-seumois-ebenisterie.fr\/wp-content\/uploads\/2017\/02\/IMG_1652-300x225.jpg 300w, https:\/\/romain-seumois-ebenisterie.fr\/wp-content\/uploads\/2017\/02\/IMG_1652-768x576.jpg 768w, https:\/\/romain-seumois-ebenisterie.fr\/wp-content\/uploads\/2017\/02\/IMG_1652-1024x768.jpg 1024w, https:\/\/romain-seumois-ebenisterie.fr\/wp-content\/uploads\/2017\/02\/IMG_1652-830x623.jpg 830w, https:\/\/romain-seumois-ebenisterie.fr\/wp-content\/uploads\/2017\/02\/IMG_1652-230x173.jpg 230w, https:\/\/romain-seumois-ebenisterie.fr\/wp-content\/uploads\/2017\/02\/IMG_1652-350x263.jpg 350w, https:\/\/romain-seumois-ebenisterie.fr\/wp-content\/uploads\/2017\/02\/IMG_1652-e1487690134763.jpg 800w\" sizes=\"(max-width: 480px) 100vw, 480px\" \/><\/a><\/div><div class=\"project-item item isotope-item restaurations \"><a class=\"project-pop-wrap\" href=\"https:\/\/romain-seumois-ebenisterie.fr\/index.php\/projects\/fauteuil-empire\/\"><div class=\"project-pop\"><\/div><div class=\"project-title-wrap\"><div class=\"project-title\"><span>Fauteuil Empire<\/span><\/div><\/div><\/a><a href=\"https:\/\/romain-seumois-ebenisterie.fr\/index.php\/projects\/fauteuil-empire\/\"><img width=\"400\" height=\"300\" src=\"https:\/\/romain-seumois-ebenisterie.fr\/wp-content\/uploads\/2017\/02\/logo-fauteuil-empire.png\" class=\"attachment-sydney-mas-thumb size-sydney-mas-thumb wp-post-image\" alt=\"logo-fauteuil-empire\" loading=\"lazy\" srcset=\"https:\/\/romain-seumois-ebenisterie.fr\/wp-content\/uploads\/2017\/02\/logo-fauteuil-empire.png 400w, https:\/\/romain-seumois-ebenisterie.fr\/wp-content\/uploads\/2017\/02\/logo-fauteuil-empire-300x225.png 300w, https:\/\/romain-seumois-ebenisterie.fr\/wp-content\/uploads\/2017\/02\/logo-fauteuil-empire-230x173.png 230w, https:\/\/romain-seumois-ebenisterie.fr\/wp-content\/uploads\/2017\/02\/logo-fauteuil-empire-350x263.png 350w\" sizes=\"(max-width: 400px) 100vw, 400px\" \/><\/a><\/div><div class=\"project-item item isotope-item restaurations \"><a class=\"project-pop-wrap\" href=\"https:\/\/romain-seumois-ebenisterie.fr\/index.php\/projects\/commode-louis-xv\/\"><div class=\"project-pop\"><\/div><div class=\"project-title-wrap\"><div class=\"project-title\"><span>Commode Louis XV<\/span><\/div><\/div><\/a><a href=\"https:\/\/romain-seumois-ebenisterie.fr\/index.php\/projects\/commode-louis-xv\/\"><img width=\"398\" height=\"298\" src=\"https:\/\/romain-seumois-ebenisterie.fr\/wp-content\/uploads\/2017\/02\/logo-commode-louis-xv.png\" class=\"attachment-sydney-mas-thumb size-sydney-mas-thumb wp-post-image\" alt=\"\" loading=\"lazy\" srcset=\"https:\/\/romain-seumois-ebenisterie.fr\/wp-content\/uploads\/2017\/02\/logo-commode-louis-xv.png 398w, https:\/\/romain-seumois-ebenisterie.fr\/wp-content\/uploads\/2017\/02\/logo-commode-louis-xv-300x225.png 300w, https:\/\/romain-seumois-ebenisterie.fr\/wp-content\/uploads\/2017\/02\/logo-commode-louis-xv-230x172.png 230w, https:\/\/romain-seumois-ebenisterie.fr\/wp-content\/uploads\/2017\/02\/logo-commode-louis-xv-350x262.png 350w\" sizes=\"(max-width: 398px) 100vw, 398px\" \/><\/a><\/div><\/div><\/div><\/div><!-- \/.project-wrap --><\/div><\/div><\/div><\/div><\/div><div id=\"pg-34-1\"  class=\"panel-grid panel-has-style\" ><div style=\"padding: 100px 0; \" data-overlay=\"true\" class=\"panel-row-style panel-row-style-for-34-1\" ><div id=\"pgc-34-1-0\"  class=\"panel-grid-cell panel-grid-cell-empty\" ><\/div><\/div><\/div><\/div>","protected":false},"excerpt":{"rendered":"<p>Dans cette rubrique, vous trouverez \u00e0 travers quelques photos, des exemples de travaux de restauration effectu\u00e9s dans notre atelier sur des meubles anciens de tous styles et toutes \u00e9poques. Ainsi, vous visualiserez le meuble \u00e0 son arriv\u00e9e, le travail effectu\u00e9 dessus avec quelques explications sur les techniques utilis\u00e9es, et pour finir le rendu final du [&hellip;]<\/p>\n","protected":false},"author":1,"featured_media":0,"parent":0,"menu_order":0,"comment_status":"closed","ping_status":"closed","template":"","meta":[],"yoast_head":"<!-- This site is optimized with the Yoast SEO plugin v18.4.1 - https:\/\/yoast.com\/wordpress\/plugins\/seo\/ -->\n<title>Romain Seumois Ebenisterie d&#039;Art - Restauration de meuble ancien<\/title>\n<meta name=\"description\" content=\"Pr\u00e9sentation des types de restauration de meubles ancien r\u00e9alis\u00e9s par Romain Seumois : Console Louis XVI, Miroir Napol\u00e9on III, meuble Hollandais, etc.\" \/>\n<meta name=\"robots\" content=\"index, follow, max-snippet:-1, max-image-preview:large, max-video-preview:-1\" \/>\n<link rel=\"canonical\" href=\"https:\/\/romain-seumois-ebenisterie.fr\/index.php\/restauration\/\" \/>\n<meta property=\"og:locale\" content=\"fr_FR\" \/>\n<meta property=\"og:type\" content=\"article\" \/>\n<meta property=\"og:title\" content=\"Romain Seumois Ebenisterie d&#039;Art - Restauration de meuble ancien\" \/>\n<meta property=\"og:description\" content=\"Pr\u00e9sentation des types de restauration de meubles ancien r\u00e9alis\u00e9s par Romain Seumois : Console Louis XVI, Miroir Napol\u00e9on III, meuble Hollandais, etc.\" \/>\n<meta property=\"og:url\" content=\"https:\/\/romain-seumois-ebenisterie.fr\/index.php\/restauration\/\" \/>\n<meta property=\"og:site_name\" content=\"Romain Seumois \u00c9b\u00e9nisterie d&#039;Art\" \/>\n<meta property=\"article:modified_time\" content=\"2017-03-22T17:45:40+00:00\" \/>\n<meta property=\"og:image\" content=\"http:\/\/romain-seumois-ebenisterie.fr\/wp-content\/uploads\/2017\/03\/IMG_2355-1-480x359.jpg\" \/>\n<meta name=\"twitter:card\" content=\"summary\" \/>\n<script type=\"application\/ld+json\" class=\"yoast-schema-graph\">{\"@context\":\"https:\/\/schema.org\",\"@graph\":[{\"@type\":\"WebSite\",\"@id\":\"https:\/\/romain-seumois-ebenisterie.fr\/#website\",\"url\":\"https:\/\/romain-seumois-ebenisterie.fr\/\",\"name\":\"Romain Seumois \u00c9b\u00e9nisterie d&#039;Art\",\"description\":\"Restauration de mobilier d&#039;Art\",\"potentialAction\":[{\"@type\":\"SearchAction\",\"target\":{\"@type\":\"EntryPoint\",\"urlTemplate\":\"https:\/\/romain-seumois-ebenisterie.fr\/?s={search_term_string}\"},\"query-input\":\"required name=search_term_string\"}],\"inLanguage\":\"fr-FR\"},{\"@type\":\"ImageObject\",\"@id\":\"https:\/\/romain-seumois-ebenisterie.fr\/index.php\/restauration\/#primaryimage\",\"inLanguage\":\"fr-FR\",\"url\":\"http:\/\/romain-seumois-ebenisterie.fr\/wp-content\/uploads\/2017\/03\/IMG_2355-1-480x359.jpg\",\"contentUrl\":\"http:\/\/romain-seumois-ebenisterie.fr\/wp-content\/uploads\/2017\/03\/IMG_2355-1-480x359.jpg\"},{\"@type\":\"WebPage\",\"@id\":\"https:\/\/romain-seumois-ebenisterie.fr\/index.php\/restauration\/#webpage\",\"url\":\"https:\/\/romain-seumois-ebenisterie.fr\/index.php\/restauration\/\",\"name\":\"Romain Seumois Ebenisterie d'Art - Restauration de meuble ancien\",\"isPartOf\":{\"@id\":\"https:\/\/romain-seumois-ebenisterie.fr\/#website\"},\"primaryImageOfPage\":{\"@id\":\"https:\/\/romain-seumois-ebenisterie.fr\/index.php\/restauration\/#primaryimage\"},\"datePublished\":\"2017-02-20T14:20:24+00:00\",\"dateModified\":\"2017-03-22T17:45:40+00:00\",\"description\":\"Pr\u00e9sentation des types de restauration de meubles ancien r\u00e9alis\u00e9s par Romain Seumois : Console Louis XVI, Miroir Napol\u00e9on III, meuble Hollandais, etc.\",\"breadcrumb\":{\"@id\":\"https:\/\/romain-seumois-ebenisterie.fr\/index.php\/restauration\/#breadcrumb\"},\"inLanguage\":\"fr-FR\",\"potentialAction\":[{\"@type\":\"ReadAction\",\"target\":[\"https:\/\/romain-seumois-ebenisterie.fr\/index.php\/restauration\/\"]}]},{\"@type\":\"BreadcrumbList\",\"@id\":\"https:\/\/romain-seumois-ebenisterie.fr\/index.php\/restauration\/#breadcrumb\",\"itemListElement\":[{\"@type\":\"ListItem\",\"position\":1,\"name\":\"Accueil\",\"item\":\"https:\/\/romain-seumois-ebenisterie.fr\/\"},{\"@type\":\"ListItem\",\"position\":2,\"name\":\"Restauration\"}]}]}<\/script>\n<!-- \/ Yoast SEO plugin. -->","yoast_head_json":{"title":"Romain Seumois Ebenisterie d'Art - Restauration de meuble ancien","description":"Pr\u00e9sentation des types de restauration de meubles ancien r\u00e9alis\u00e9s par Romain Seumois : Console Louis XVI, Miroir Napol\u00e9on III, meuble Hollandais, etc.","robots":{"index":"index","follow":"follow","max-snippet":"max-snippet:-1","max-image-preview":"max-image-preview:large","max-video-preview":"max-video-preview:-1"},"canonical":"https:\/\/romain-seumois-ebenisterie.fr\/index.php\/restauration\/","og_locale":"fr_FR","og_type":"article","og_title":"Romain Seumois Ebenisterie d'Art - Restauration de meuble ancien","og_description":"Pr\u00e9sentation des types de restauration de meubles ancien r\u00e9alis\u00e9s par Romain Seumois : Console Louis XVI, Miroir Napol\u00e9on III, meuble Hollandais, etc.","og_url":"https:\/\/romain-seumois-ebenisterie.fr\/index.php\/restauration\/","og_site_name":"Romain Seumois \u00c9b\u00e9nisterie d&#039;Art","article_modified_time":"2017-03-22T17:45:40+00:00","og_image":[{"url":"http:\/\/romain-seumois-ebenisterie.fr\/wp-content\/uploads\/2017\/03\/IMG_2355-1-480x359.jpg"}],"twitter_card":"summary","schema":{"@context":"https:\/\/schema.org","@graph":[{"@type":"WebSite","@id":"https:\/\/romain-seumois-ebenisterie.fr\/#website","url":"https:\/\/romain-seumois-ebenisterie.fr\/","name":"Romain Seumois \u00c9b\u00e9nisterie d&#039;Art","description":"Restauration de mobilier d&#039;Art","potentialAction":[{"@type":"SearchAction","target":{"@type":"EntryPoint","urlTemplate":"https:\/\/romain-seumois-ebenisterie.fr\/?s={search_term_string}"},"query-input":"required name=search_term_string"}],"inLanguage":"fr-FR"},{"@type":"ImageObject","@id":"https:\/\/romain-seumois-ebenisterie.fr\/index.php\/restauration\/#primaryimage","inLanguage":"fr-FR","url":"http:\/\/romain-seumois-ebenisterie.fr\/wp-content\/uploads\/2017\/03\/IMG_2355-1-480x359.jpg","contentUrl":"http:\/\/romain-seumois-ebenisterie.fr\/wp-content\/uploads\/2017\/03\/IMG_2355-1-480x359.jpg"},{"@type":"WebPage","@id":"https:\/\/romain-seumois-ebenisterie.fr\/index.php\/restauration\/#webpage","url":"https:\/\/romain-seumois-ebenisterie.fr\/index.php\/restauration\/","name":"Romain Seumois Ebenisterie d'Art - Restauration de meuble ancien","isPartOf":{"@id":"https:\/\/romain-seumois-ebenisterie.fr\/#website"},"primaryImageOfPage":{"@id":"https:\/\/romain-seumois-ebenisterie.fr\/index.php\/restauration\/#primaryimage"},"datePublished":"2017-02-20T14:20:24+00:00","dateModified":"2017-03-22T17:45:40+00:00","description":"Pr\u00e9sentation des types de restauration de meubles ancien r\u00e9alis\u00e9s par Romain Seumois : Console Louis XVI, Miroir Napol\u00e9on III, meuble Hollandais, etc.","breadcrumb":{"@id":"https:\/\/romain-seumois-ebenisterie.fr\/index.php\/restauration\/#breadcrumb"},"inLanguage":"fr-FR","potentialAction":[{"@type":"ReadAction","target":["https:\/\/romain-seumois-ebenisterie.fr\/index.php\/restauration\/"]}]},{"@type":"BreadcrumbList","@id":"https:\/\/romain-seumois-ebenisterie.fr\/index.php\/restauration\/#breadcrumb","itemListElement":[{"@type":"ListItem","position":1,"name":"Accueil","item":"https:\/\/romain-seumois-ebenisterie.fr\/"},{"@type":"ListItem","position":2,"name":"Restauration"}]}]}},"_links":{"self":[{"href":"https:\/\/romain-seumois-ebenisterie.fr\/index.php\/wp-json\/wp\/v2\/pages\/34"}],"collection":[{"href":"https:\/\/romain-seumois-ebenisterie.fr\/index.php\/wp-json\/wp\/v2\/pages"}],"about":[{"href":"https:\/\/romain-seumois-ebenisterie.fr\/index.php\/wp-json\/wp\/v2\/types\/page"}],"author":[{"embeddable":true,"href":"https:\/\/romain-seumois-ebenisterie.fr\/index.php\/wp-json\/wp\/v2\/users\/1"}],"replies":[{"embeddable":true,"href":"https:\/\/romain-seumois-ebenisterie.fr\/index.php\/wp-json\/wp\/v2\/comments?post=34"}],"version-history":[{"count":10,"href":"https:\/\/romain-seumois-ebenisterie.fr\/index.php\/wp-json\/wp\/v2\/pages\/34\/revisions"}],"predecessor-version":[{"id":401,"href":"https:\/\/romain-seumois-ebenisterie.fr\/index.php\/wp-json\/wp\/v2\/pages\/34\/revisions\/401"}],"wp:attachment":[{"href":"https:\/\/romain-seumois-ebenisterie.fr\/index.php\/wp-json\/wp\/v2\/media?parent=34"}],"curies":[{"name":"wp","href":"https:\/\/api.w.org\/{rel}","templated":true}]}}