{"id":49,"date":"2017-02-20T15:30:35","date_gmt":"2017-02-20T14:30:35","guid":{"rendered":"http:\/\/romain-seumois-ebenisterie.fr\/?page_id=49"},"modified":"2017-03-24T21:34:25","modified_gmt":"2017-03-24T20:34:25","slug":"creations-originales","status":"publish","type":"page","link":"https:\/\/romain-seumois-ebenisterie.fr\/index.php\/creations-originales\/","title":{"rendered":"Cr\u00e9ations originales"},"content":{"rendered":"<div id=\"pl-49\"  class=\"panel-layout\" ><div id=\"pg-49-0\"  class=\"panel-grid panel-has-style\" ><div style=\"padding: 100px 0; \" data-overlay=\"true\" class=\"panel-row-style panel-row-style-for-49-0\" ><div id=\"pgc-49-0-0\"  class=\"panel-grid-cell\" ><div id=\"panel-49-0-0-0\" class=\"so-panel widget widget_text panel-first-child\" data-index=\"0\" ><div style=\"text-align: left;\" data-title-color=\"#443f3f\" data-headings-color=\"#443f3f\" class=\"panel-widget-style panel-widget-style-for-49-0-0-0\" >\t\t\t<div class=\"textwidget\">Pr\u00e9sentation de mes cr\u00e9ations de <strong>stylos<\/strong>.\nLes stylos expos\u00e9s ici sont des pr\u00e9sentations possibles r\u00e9alis\u00e9es avec diff\u00e9rentes <strong>essences de bois<\/strong>, formes et m\u00e9canismes, vous laissant ainsi le plaisir de choisir le mod\u00e8le qui vous ressemble.\nLa valeur de ces cr\u00e9ations uniques et originales varie en fonction du m\u00e9canisme et du bois utilis\u00e9.<\/div>\n\t\t<\/div><\/div><div id=\"panel-49-0-0-1\" class=\"so-panel widget widget_sydney_portfolio sydney_portfolio_widget panel-last-child\" data-index=\"1\" ><div style=\"text-align: left;\" data-title-color=\"#443f3f\" data-headings-color=\"#443f3f\" class=\"panel-widget-style panel-widget-style-for-49-0-0-1\" ><div class=\"project-wrap\"><div class=\"roll-project fullwidth\"><div class=\"isotope-container\" data-portfolio-effect=\"fadeInUp\"><div class=\"project-item item isotope-item creations \"><a class=\"project-pop-wrap\" href=\"https:\/\/romain-seumois-ebenisterie.fr\/index.php\/projects\/309\/\"><div class=\"project-pop\"><\/div><div class=\"project-title-wrap\"><div class=\"project-title\"><span>Stylo plume Ronce de Thuya<\/span><\/div><\/div><\/a><a href=\"https:\/\/romain-seumois-ebenisterie.fr\/index.php\/projects\/309\/\"><img width=\"480\" height=\"360\" src=\"https:\/\/romain-seumois-ebenisterie.fr\/wp-content\/uploads\/2017\/03\/IMG_5535-480x360.jpg\" class=\"attachment-sydney-mas-thumb size-sydney-mas-thumb wp-post-image\" alt=\"thuya entete\" loading=\"lazy\" srcset=\"https:\/\/romain-seumois-ebenisterie.fr\/wp-content\/uploads\/2017\/03\/IMG_5535-480x360.jpg 480w, https:\/\/romain-seumois-ebenisterie.fr\/wp-content\/uploads\/2017\/03\/IMG_5535-300x225.jpg 300w, https:\/\/romain-seumois-ebenisterie.fr\/wp-content\/uploads\/2017\/03\/IMG_5535-768x576.jpg 768w, https:\/\/romain-seumois-ebenisterie.fr\/wp-content\/uploads\/2017\/03\/IMG_5535-1024x768.jpg 1024w, https:\/\/romain-seumois-ebenisterie.fr\/wp-content\/uploads\/2017\/03\/IMG_5535-830x623.jpg 830w, https:\/\/romain-seumois-ebenisterie.fr\/wp-content\/uploads\/2017\/03\/IMG_5535-230x173.jpg 230w, https:\/\/romain-seumois-ebenisterie.fr\/wp-content\/uploads\/2017\/03\/IMG_5535-350x263.jpg 350w, https:\/\/romain-seumois-ebenisterie.fr\/wp-content\/uploads\/2017\/03\/IMG_5535-e1489769516849.jpg 800w\" sizes=\"(max-width: 480px) 100vw, 480px\" \/><\/a><\/div><div class=\"project-item item isotope-item creations \"><a class=\"project-pop-wrap\" href=\"https:\/\/romain-seumois-ebenisterie.fr\/index.php\/projects\/288\/\"><div class=\"project-pop\"><\/div><div class=\"project-title-wrap\"><div class=\"project-title\"><span>Stylo roller en bois de Charme<\/span><\/div><\/div><\/a><a href=\"https:\/\/romain-seumois-ebenisterie.fr\/index.php\/projects\/288\/\"><img width=\"480\" height=\"360\" src=\"https:\/\/romain-seumois-ebenisterie.fr\/wp-content\/uploads\/2017\/03\/IMG_7811-480x360.jpg\" class=\"attachment-sydney-mas-thumb size-sydney-mas-thumb wp-post-image\" alt=\"Stylo roller en bois de charme\" loading=\"lazy\" srcset=\"https:\/\/romain-seumois-ebenisterie.fr\/wp-content\/uploads\/2017\/03\/IMG_7811-480x360.jpg 480w, https:\/\/romain-seumois-ebenisterie.fr\/wp-content\/uploads\/2017\/03\/IMG_7811-300x225.jpg 300w, https:\/\/romain-seumois-ebenisterie.fr\/wp-content\/uploads\/2017\/03\/IMG_7811-768x576.jpg 768w, https:\/\/romain-seumois-ebenisterie.fr\/wp-content\/uploads\/2017\/03\/IMG_7811-1024x768.jpg 1024w, https:\/\/romain-seumois-ebenisterie.fr\/wp-content\/uploads\/2017\/03\/IMG_7811-830x623.jpg 830w, https:\/\/romain-seumois-ebenisterie.fr\/wp-content\/uploads\/2017\/03\/IMG_7811-230x173.jpg 230w, https:\/\/romain-seumois-ebenisterie.fr\/wp-content\/uploads\/2017\/03\/IMG_7811-350x263.jpg 350w, https:\/\/romain-seumois-ebenisterie.fr\/wp-content\/uploads\/2017\/03\/IMG_7811-e1489682032150.jpg 800w\" sizes=\"(max-width: 480px) 100vw, 480px\" \/><\/a><\/div><div class=\"project-item item isotope-item creations \"><a class=\"project-pop-wrap\" href=\"https:\/\/romain-seumois-ebenisterie.fr\/index.php\/projects\/283\/\"><div class=\"project-pop\"><\/div><div class=\"project-title-wrap\"><div class=\"project-title\"><span>Embout tactile pour smartphone ou tablette<\/span><\/div><\/div><\/a><a href=\"https:\/\/romain-seumois-ebenisterie.fr\/index.php\/projects\/283\/\"><img width=\"480\" height=\"360\" src=\"https:\/\/romain-seumois-ebenisterie.fr\/wp-content\/uploads\/2017\/03\/IMG_8928-e1489958094877-480x360.jpg\" class=\"attachment-sydney-mas-thumb size-sydney-mas-thumb wp-post-image\" alt=\"embout tactile casque2\" loading=\"lazy\" srcset=\"https:\/\/romain-seumois-ebenisterie.fr\/wp-content\/uploads\/2017\/03\/IMG_8928-e1489958094877-480x360.jpg 480w, https:\/\/romain-seumois-ebenisterie.fr\/wp-content\/uploads\/2017\/03\/IMG_8928-e1489958094877-300x225.jpg 300w, https:\/\/romain-seumois-ebenisterie.fr\/wp-content\/uploads\/2017\/03\/IMG_8928-e1489958094877-768x576.jpg 768w, https:\/\/romain-seumois-ebenisterie.fr\/wp-content\/uploads\/2017\/03\/IMG_8928-e1489958094877-230x173.jpg 230w, https:\/\/romain-seumois-ebenisterie.fr\/wp-content\/uploads\/2017\/03\/IMG_8928-e1489958094877-350x263.jpg 350w, https:\/\/romain-seumois-ebenisterie.fr\/wp-content\/uploads\/2017\/03\/IMG_8928-e1489958094877.jpg 800w\" sizes=\"(max-width: 480px) 100vw, 480px\" \/><\/a><\/div><div class=\"project-item item isotope-item creations \"><a class=\"project-pop-wrap\" href=\"https:\/\/romain-seumois-ebenisterie.fr\/index.php\/projects\/stylo-epi-de-mais\/\"><div class=\"project-pop\"><\/div><div class=\"project-title-wrap\"><div class=\"project-title\"><span>Stylo \u00c9pi de ma\u00efs<\/span><\/div><\/div><\/a><a href=\"https:\/\/romain-seumois-ebenisterie.fr\/index.php\/projects\/stylo-epi-de-mais\/\"><img width=\"480\" height=\"360\" src=\"https:\/\/romain-seumois-ebenisterie.fr\/wp-content\/uploads\/2017\/03\/IMG_8897-480x360.jpg\" class=\"attachment-sydney-mas-thumb size-sydney-mas-thumb wp-post-image\" alt=\"mais projet entete\" loading=\"lazy\" srcset=\"https:\/\/romain-seumois-ebenisterie.fr\/wp-content\/uploads\/2017\/03\/IMG_8897-480x360.jpg 480w, https:\/\/romain-seumois-ebenisterie.fr\/wp-content\/uploads\/2017\/03\/IMG_8897-300x225.jpg 300w, https:\/\/romain-seumois-ebenisterie.fr\/wp-content\/uploads\/2017\/03\/IMG_8897-768x576.jpg 768w, https:\/\/romain-seumois-ebenisterie.fr\/wp-content\/uploads\/2017\/03\/IMG_8897-1024x768.jpg 1024w, https:\/\/romain-seumois-ebenisterie.fr\/wp-content\/uploads\/2017\/03\/IMG_8897-830x623.jpg 830w, https:\/\/romain-seumois-ebenisterie.fr\/wp-content\/uploads\/2017\/03\/IMG_8897-230x173.jpg 230w, https:\/\/romain-seumois-ebenisterie.fr\/wp-content\/uploads\/2017\/03\/IMG_8897-350x263.jpg 350w\" sizes=\"(max-width: 480px) 100vw, 480px\" \/><\/a><\/div><div class=\"project-item item isotope-item creations \"><a class=\"project-pop-wrap\" href=\"https:\/\/romain-seumois-ebenisterie.fr\/index.php\/projects\/stylos-a-bille\/\"><div class=\"project-pop\"><\/div><div class=\"project-title-wrap\"><div class=\"project-title\"><span>Stylo \u00e0 bille<\/span><\/div><\/div><\/a><a href=\"https:\/\/romain-seumois-ebenisterie.fr\/index.php\/projects\/stylos-a-bille\/\"><img width=\"480\" height=\"360\" src=\"https:\/\/romain-seumois-ebenisterie.fr\/wp-content\/uploads\/2017\/02\/IMG_7031-480x360.jpg\" class=\"attachment-sydney-mas-thumb size-sydney-mas-thumb wp-post-image\" alt=\"stylos bille\" loading=\"lazy\" srcset=\"https:\/\/romain-seumois-ebenisterie.fr\/wp-content\/uploads\/2017\/02\/IMG_7031-480x360.jpg 480w, https:\/\/romain-seumois-ebenisterie.fr\/wp-content\/uploads\/2017\/02\/IMG_7031-300x225.jpg 300w, https:\/\/romain-seumois-ebenisterie.fr\/wp-content\/uploads\/2017\/02\/IMG_7031-768x576.jpg 768w, https:\/\/romain-seumois-ebenisterie.fr\/wp-content\/uploads\/2017\/02\/IMG_7031-1024x768.jpg 1024w, https:\/\/romain-seumois-ebenisterie.fr\/wp-content\/uploads\/2017\/02\/IMG_7031-830x623.jpg 830w, https:\/\/romain-seumois-ebenisterie.fr\/wp-content\/uploads\/2017\/02\/IMG_7031-230x173.jpg 230w, https:\/\/romain-seumois-ebenisterie.fr\/wp-content\/uploads\/2017\/02\/IMG_7031-350x263.jpg 350w, https:\/\/romain-seumois-ebenisterie.fr\/wp-content\/uploads\/2017\/02\/IMG_7031-e1487689285239.jpg 800w\" sizes=\"(max-width: 480px) 100vw, 480px\" \/><\/a><\/div><div class=\"project-item item isotope-item creations \"><a class=\"project-pop-wrap\" href=\"https:\/\/romain-seumois-ebenisterie.fr\/index.php\/projects\/stylo-magnetique\/\"><div class=\"project-pop\"><\/div><div class=\"project-title-wrap\"><div class=\"project-title\"><span>Stylo magn\u00e9tique<\/span><\/div><\/div><\/a><a href=\"https:\/\/romain-seumois-ebenisterie.fr\/index.php\/projects\/stylo-magnetique\/\"><img width=\"480\" height=\"360\" src=\"https:\/\/romain-seumois-ebenisterie.fr\/wp-content\/uploads\/2017\/02\/IMG_7806-1.jpg\" class=\"attachment-sydney-mas-thumb size-sydney-mas-thumb wp-post-image\" alt=\"stylo magnetique\" loading=\"lazy\" srcset=\"https:\/\/romain-seumois-ebenisterie.fr\/wp-content\/uploads\/2017\/02\/IMG_7806-1.jpg 3264w, https:\/\/romain-seumois-ebenisterie.fr\/wp-content\/uploads\/2017\/02\/IMG_7806-1-300x225.jpg 300w, https:\/\/romain-seumois-ebenisterie.fr\/wp-content\/uploads\/2017\/02\/IMG_7806-1-768x576.jpg 768w, https:\/\/romain-seumois-ebenisterie.fr\/wp-content\/uploads\/2017\/02\/IMG_7806-1-1024x768.jpg 1024w, https:\/\/romain-seumois-ebenisterie.fr\/wp-content\/uploads\/2017\/02\/IMG_7806-1-648x486.jpg 648w, https:\/\/romain-seumois-ebenisterie.fr\/wp-content\/uploads\/2017\/02\/IMG_7806-1-256x192.jpg 256w\" sizes=\"(max-width: 480px) 100vw, 480px\" \/><\/a><\/div><div class=\"project-item item isotope-item creations \"><a class=\"project-pop-wrap\" href=\"https:\/\/romain-seumois-ebenisterie.fr\/index.php\/projects\/stylo-a-embout-tactile\/\"><div class=\"project-pop\"><\/div><div class=\"project-title-wrap\"><div class=\"project-title\"><span>Stylo \u00e0 embout tactile<\/span><\/div><\/div><\/a><a href=\"https:\/\/romain-seumois-ebenisterie.fr\/index.php\/projects\/stylo-a-embout-tactile\/\"><img width=\"480\" height=\"360\" src=\"https:\/\/romain-seumois-ebenisterie.fr\/wp-content\/uploads\/2017\/02\/IMG_7084.jpg\" class=\"attachment-sydney-mas-thumb size-sydney-mas-thumb wp-post-image\" alt=\"stylo a embout tactile\" loading=\"lazy\" srcset=\"https:\/\/romain-seumois-ebenisterie.fr\/wp-content\/uploads\/2017\/02\/IMG_7084.jpg 3264w, https:\/\/romain-seumois-ebenisterie.fr\/wp-content\/uploads\/2017\/02\/IMG_7084-300x225.jpg 300w, https:\/\/romain-seumois-ebenisterie.fr\/wp-content\/uploads\/2017\/02\/IMG_7084-768x576.jpg 768w, https:\/\/romain-seumois-ebenisterie.fr\/wp-content\/uploads\/2017\/02\/IMG_7084-1024x768.jpg 1024w, https:\/\/romain-seumois-ebenisterie.fr\/wp-content\/uploads\/2017\/02\/IMG_7084-648x486.jpg 648w, https:\/\/romain-seumois-ebenisterie.fr\/wp-content\/uploads\/2017\/02\/IMG_7084-256x192.jpg 256w\" sizes=\"(max-width: 480px) 100vw, 480px\" \/><\/a><\/div><\/div><\/div><\/div><!-- \/.project-wrap --><\/div><\/div><\/div><\/div><\/div><\/div>","protected":false},"excerpt":{"rendered":"<p>Pr\u00e9sentation de mes cr\u00e9ations de stylos. Les stylos expos\u00e9s ici sont des pr\u00e9sentations possibles r\u00e9alis\u00e9es avec diff\u00e9rentes essences de bois, formes et m\u00e9canismes, vous laissant ainsi le plaisir de choisir le mod\u00e8le qui vous ressemble. La valeur de ces cr\u00e9ations uniques et originales varie en fonction du m\u00e9canisme et du bois utilis\u00e9.<\/p>\n","protected":false},"author":1,"featured_media":0,"parent":0,"menu_order":0,"comment_status":"closed","ping_status":"closed","template":"","meta":[],"yoast_head":"<!-- This site is optimized with the Yoast SEO plugin v18.4.1 - https:\/\/yoast.com\/wordpress\/plugins\/seo\/ -->\n<title>Cr\u00e9ations originales - Romain Seumois \u00c9b\u00e9nisterie d&#039;Art<\/title>\n<meta name=\"robots\" content=\"index, follow, max-snippet:-1, max-image-preview:large, max-video-preview:-1\" \/>\n<link rel=\"canonical\" href=\"https:\/\/romain-seumois-ebenisterie.fr\/index.php\/creations-originales\/\" \/>\n<meta property=\"og:locale\" content=\"fr_FR\" \/>\n<meta property=\"og:type\" content=\"article\" \/>\n<meta property=\"og:title\" content=\"Cr\u00e9ations originales - Romain Seumois \u00c9b\u00e9nisterie d&#039;Art\" \/>\n<meta property=\"og:description\" content=\"Pr\u00e9sentation de mes cr\u00e9ations de stylos. Les stylos expos\u00e9s ici sont des pr\u00e9sentations possibles r\u00e9alis\u00e9es avec diff\u00e9rentes essences de bois, formes et m\u00e9canismes, vous laissant ainsi le plaisir de choisir le mod\u00e8le qui vous ressemble. La valeur de ces cr\u00e9ations uniques et originales varie en fonction du m\u00e9canisme et du bois utilis\u00e9.\" \/>\n<meta property=\"og:url\" content=\"https:\/\/romain-seumois-ebenisterie.fr\/index.php\/creations-originales\/\" \/>\n<meta property=\"og:site_name\" content=\"Romain Seumois \u00c9b\u00e9nisterie d&#039;Art\" \/>\n<meta property=\"article:modified_time\" content=\"2017-03-24T20:34:25+00:00\" \/>\n<meta property=\"og:image\" content=\"http:\/\/romain-seumois-ebenisterie.fr\/wp-content\/uploads\/2017\/03\/IMG_5535-480x360.jpg\" \/>\n<meta name=\"twitter:card\" content=\"summary\" \/>\n<script type=\"application\/ld+json\" class=\"yoast-schema-graph\">{\"@context\":\"https:\/\/schema.org\",\"@graph\":[{\"@type\":\"WebSite\",\"@id\":\"https:\/\/romain-seumois-ebenisterie.fr\/#website\",\"url\":\"https:\/\/romain-seumois-ebenisterie.fr\/\",\"name\":\"Romain Seumois \u00c9b\u00e9nisterie d&#039;Art\",\"description\":\"Restauration de mobilier d&#039;Art\",\"potentialAction\":[{\"@type\":\"SearchAction\",\"target\":{\"@type\":\"EntryPoint\",\"urlTemplate\":\"https:\/\/romain-seumois-ebenisterie.fr\/?s={search_term_string}\"},\"query-input\":\"required name=search_term_string\"}],\"inLanguage\":\"fr-FR\"},{\"@type\":\"ImageObject\",\"@id\":\"https:\/\/romain-seumois-ebenisterie.fr\/index.php\/creations-originales\/#primaryimage\",\"inLanguage\":\"fr-FR\",\"url\":\"http:\/\/romain-seumois-ebenisterie.fr\/wp-content\/uploads\/2017\/03\/IMG_5535-480x360.jpg\",\"contentUrl\":\"http:\/\/romain-seumois-ebenisterie.fr\/wp-content\/uploads\/2017\/03\/IMG_5535-480x360.jpg\"},{\"@type\":\"WebPage\",\"@id\":\"https:\/\/romain-seumois-ebenisterie.fr\/index.php\/creations-originales\/#webpage\",\"url\":\"https:\/\/romain-seumois-ebenisterie.fr\/index.php\/creations-originales\/\",\"name\":\"Cr\u00e9ations originales - Romain Seumois \u00c9b\u00e9nisterie d&#039;Art\",\"isPartOf\":{\"@id\":\"https:\/\/romain-seumois-ebenisterie.fr\/#website\"},\"primaryImageOfPage\":{\"@id\":\"https:\/\/romain-seumois-ebenisterie.fr\/index.php\/creations-originales\/#primaryimage\"},\"datePublished\":\"2017-02-20T14:30:35+00:00\",\"dateModified\":\"2017-03-24T20:34:25+00:00\",\"breadcrumb\":{\"@id\":\"https:\/\/romain-seumois-ebenisterie.fr\/index.php\/creations-originales\/#breadcrumb\"},\"inLanguage\":\"fr-FR\",\"potentialAction\":[{\"@type\":\"ReadAction\",\"target\":[\"https:\/\/romain-seumois-ebenisterie.fr\/index.php\/creations-originales\/\"]}]},{\"@type\":\"BreadcrumbList\",\"@id\":\"https:\/\/romain-seumois-ebenisterie.fr\/index.php\/creations-originales\/#breadcrumb\",\"itemListElement\":[{\"@type\":\"ListItem\",\"position\":1,\"name\":\"Accueil\",\"item\":\"https:\/\/romain-seumois-ebenisterie.fr\/\"},{\"@type\":\"ListItem\",\"position\":2,\"name\":\"Cr\u00e9ations originales\"}]}]}<\/script>\n<!-- \/ Yoast SEO plugin. -->","yoast_head_json":{"title":"Cr\u00e9ations originales - Romain Seumois \u00c9b\u00e9nisterie d&#039;Art","robots":{"index":"index","follow":"follow","max-snippet":"max-snippet:-1","max-image-preview":"max-image-preview:large","max-video-preview":"max-video-preview:-1"},"canonical":"https:\/\/romain-seumois-ebenisterie.fr\/index.php\/creations-originales\/","og_locale":"fr_FR","og_type":"article","og_title":"Cr\u00e9ations originales - Romain Seumois \u00c9b\u00e9nisterie d&#039;Art","og_description":"Pr\u00e9sentation de mes cr\u00e9ations de stylos. Les stylos expos\u00e9s ici sont des pr\u00e9sentations possibles r\u00e9alis\u00e9es avec diff\u00e9rentes essences de bois, formes et m\u00e9canismes, vous laissant ainsi le plaisir de choisir le mod\u00e8le qui vous ressemble. La valeur de ces cr\u00e9ations uniques et originales varie en fonction du m\u00e9canisme et du bois utilis\u00e9.","og_url":"https:\/\/romain-seumois-ebenisterie.fr\/index.php\/creations-originales\/","og_site_name":"Romain Seumois \u00c9b\u00e9nisterie d&#039;Art","article_modified_time":"2017-03-24T20:34:25+00:00","og_image":[{"url":"http:\/\/romain-seumois-ebenisterie.fr\/wp-content\/uploads\/2017\/03\/IMG_5535-480x360.jpg"}],"twitter_card":"summary","schema":{"@context":"https:\/\/schema.org","@graph":[{"@type":"WebSite","@id":"https:\/\/romain-seumois-ebenisterie.fr\/#website","url":"https:\/\/romain-seumois-ebenisterie.fr\/","name":"Romain Seumois \u00c9b\u00e9nisterie d&#039;Art","description":"Restauration de mobilier d&#039;Art","potentialAction":[{"@type":"SearchAction","target":{"@type":"EntryPoint","urlTemplate":"https:\/\/romain-seumois-ebenisterie.fr\/?s={search_term_string}"},"query-input":"required name=search_term_string"}],"inLanguage":"fr-FR"},{"@type":"ImageObject","@id":"https:\/\/romain-seumois-ebenisterie.fr\/index.php\/creations-originales\/#primaryimage","inLanguage":"fr-FR","url":"http:\/\/romain-seumois-ebenisterie.fr\/wp-content\/uploads\/2017\/03\/IMG_5535-480x360.jpg","contentUrl":"http:\/\/romain-seumois-ebenisterie.fr\/wp-content\/uploads\/2017\/03\/IMG_5535-480x360.jpg"},{"@type":"WebPage","@id":"https:\/\/romain-seumois-ebenisterie.fr\/index.php\/creations-originales\/#webpage","url":"https:\/\/romain-seumois-ebenisterie.fr\/index.php\/creations-originales\/","name":"Cr\u00e9ations originales - Romain Seumois \u00c9b\u00e9nisterie d&#039;Art","isPartOf":{"@id":"https:\/\/romain-seumois-ebenisterie.fr\/#website"},"primaryImageOfPage":{"@id":"https:\/\/romain-seumois-ebenisterie.fr\/index.php\/creations-originales\/#primaryimage"},"datePublished":"2017-02-20T14:30:35+00:00","dateModified":"2017-03-24T20:34:25+00:00","breadcrumb":{"@id":"https:\/\/romain-seumois-ebenisterie.fr\/index.php\/creations-originales\/#breadcrumb"},"inLanguage":"fr-FR","potentialAction":[{"@type":"ReadAction","target":["https:\/\/romain-seumois-ebenisterie.fr\/index.php\/creations-originales\/"]}]},{"@type":"BreadcrumbList","@id":"https:\/\/romain-seumois-ebenisterie.fr\/index.php\/creations-originales\/#breadcrumb","itemListElement":[{"@type":"ListItem","position":1,"name":"Accueil","item":"https:\/\/romain-seumois-ebenisterie.fr\/"},{"@type":"ListItem","position":2,"name":"Cr\u00e9ations originales"}]}]}},"_links":{"self":[{"href":"https:\/\/romain-seumois-ebenisterie.fr\/index.php\/wp-json\/wp\/v2\/pages\/49"}],"collection":[{"href":"https:\/\/romain-seumois-ebenisterie.fr\/index.php\/wp-json\/wp\/v2\/pages"}],"about":[{"href":"https:\/\/romain-seumois-ebenisterie.fr\/index.php\/wp-json\/wp\/v2\/types\/page"}],"author":[{"embeddable":true,"href":"https:\/\/romain-seumois-ebenisterie.fr\/index.php\/wp-json\/wp\/v2\/users\/1"}],"replies":[{"embeddable":true,"href":"https:\/\/romain-seumois-ebenisterie.fr\/index.php\/wp-json\/wp\/v2\/comments?post=49"}],"version-history":[{"count":21,"href":"https:\/\/romain-seumois-ebenisterie.fr\/index.php\/wp-json\/wp\/v2\/pages\/49\/revisions"}],"predecessor-version":[{"id":459,"href":"https:\/\/romain-seumois-ebenisterie.fr\/index.php\/wp-json\/wp\/v2\/pages\/49\/revisions\/459"}],"wp:attachment":[{"href":"https:\/\/romain-seumois-ebenisterie.fr\/index.php\/wp-json\/wp\/v2\/media?parent=49"}],"curies":[{"name":"wp","href":"https:\/\/api.w.org\/{rel}","templated":true}]}}